{"id":9141,"date":"2026-08-31T18:46:21","date_gmt":"2026-08-31T18:46:21","guid":{"rendered":"http:\/\/szolnokimuvesztelep.com\/?page_id=9141"},"modified":"2026-08-31T19:01:09","modified_gmt":"2026-08-31T19:01:09","slug":"esemenyek-2025","status":"publish","type":"page","link":"http:\/\/szolnokimuvesztelep.com\/en\/esemenyek-2025\/","title":{"rendered":"Esem\u00e9nyek 2025"},"content":{"rendered":"<header class=\"entry-header\">\n<h1 class=\"entry-title\">Egys\u00e9g\/K\u00e9ts\u00e9g \u2013 A Szolnoki K\u00e9pz\u0151m\u0171v\u00e9szeti T\u00e1rsas\u00e1g ki\u00e1ll\u00edt\u00e1sa 2025<\/h1>\n<\/header>\n<div class=\"entry-content\">\n<p>A Szolnoki M\u0171v\u00e9sztelep, az Aba-Nov\u00e1k Ag\u00f3ra Kultur\u00e1lis K\u00f6zpont \u00e9s a Damjanich J\u00e1nos M\u00fazeum megh\u00edvja \u00d6nt \u00e9s partner\u00e9t a K\u00e9pz\u0151m\u0171v\u00e9szet \u00dcnnep\u00e9n a Magyar Fest\u00e9szet Napja alkalm\u00e1b\u00f3l az<\/p>\n<p><strong>Egys\u00e9g\/K\u00e9ts\u00e9g<\/strong><br \/>\nA Szolnoki K\u00e9pz\u0151m\u0171v\u00e9szeti T\u00e1rsas\u00e1g<br \/>\nki\u00e1ll\u00edt\u00e1sa megnyit\u00f3j\u00e1ra \u00e9s d\u00edj\u00e1tad\u00f3 \u00fcnneps\u00e9g\u00e9re<\/p>\n<p>I. Helysz\u00edn:<br \/>\nAba-Nov\u00e1k Ag\u00f3ra Gal\u00e9ria (5000 Szolnok, Hild J. t\u00e9r 1.)<br \/>\n2025. okt\u00f3ber 18. szombat, 15.30 \u00f3ra<br \/>\nBevezet\u0151t mond: Szurcsik J\u00f3zsef Munk\u00e1csy-d\u00edjas k\u00e9pz\u0151m\u0171v\u00e9sz, \u00c9rdemes M\u0171v\u00e9sz<br \/>\nL\u00e1togathat\u00f3: 2025. december 14-ig (H-P: 10.00-18.00, Sz: 10.00-16.00)<\/p>\n<p>II. Helysz\u00edn:<br \/>\nSzolnoki Gal\u00e9ria (5000 Szolnok, Templom \u00fat 2.)<br \/>\n2025. okt\u00f3ber 18. szombat, 16.30 \u00f3ra<\/p>\n<p>Megnyit\u00f3 \u00e9s d\u00edj\u00e1tad\u00f3 g\u00e1la<br \/>\nK\u00f6sz\u00f6nt\u0151t mond: Dr. K\u00e1llai M\u00e1ria orsz\u00e1ggy\u0171l\u00e9si k\u00e9pvisel\u0151<br \/>\nGy\u00f6rfi Mih\u00e1ly Szolnok Megyei Jog\u00fa V\u00e1ros polg\u00e1rmestere<br \/>\nVerebes Gy\u00f6rgy Munk\u00e1csy-d\u00edjas fest\u0151m\u0171v\u00e9sz, \u00c9rdemes M\u0171v\u00e9sz, a Szolnoki M\u0171v\u00e9sztelep m\u0171v\u00e9szeti vezet\u0151je<br \/>\nMegnyitja: Szurcsik J\u00f3zsef Munk\u00e1csy-d\u00edjas k\u00e9pz\u0151m\u0171v\u00e9sz, \u00c9rdemes M\u0171v\u00e9sz<br \/>\nK\u00f6zrem\u0171k\u00f6dik: Szolnoki Bart\u00f3k B\u00e9la Kamarak\u00f3rus<br \/>\nMegtekinthet\u0151: 2025. december 14-ig (K-V: 9.00-17.00)<\/p>\n<p>A g\u00e1l\u00e1t k\u00f6vet\u0151en 18.00 \u00f3r\u00e1t\u00f3l a S\u00e1rik P\u00e9ter Tri\u00f3 ad koncertet<br \/>\na Tisza Mozi nagyterm\u00e9ben.<\/p>\n<\/div>\n<p>A ki\u00e1ll\u00edt\u00e1s katal\u00f3gus\u00e1t a linkre kattintva megtekinthetik:<\/p>\n<p><a href=\"http:\/\/szolnokimuvesztelep.com\/wp-content\/uploads\/2026\/08\/Egyseg_Ketseg_katalogus2025.pdf\">EGYS\u00c9G\/K\u00c9TS\u00c9G &#8211; A Szolnoki K\u00e9pz\u0151m\u0171v\u00e9szeti T\u00e1rsas\u00e1g ki\u00e1ll\u00edt\u00e1sa 2025<\/a><\/p>\n<p>&nbsp;<\/p>\n<p><a href=\"http:\/\/szolnokimuvesztelep.com\/wp-content\/uploads\/2026\/08\/Egyseg_Ketseg_katalogus2025.pdf\"><img data-attachment-id=\"9146\" data-permalink=\"http:\/\/szolnokimuvesztelep.com\/en\/esemenyek-2025\/borito_egyseg_ketseg_katalogus2025\/\" data-orig-file=\"https:\/\/i0.wp.com\/szolnokimuvesztelep.com\/wp-content\/uploads\/2026\/08\/Borito_Egyseg_Ketseg_katalogus2025.jpg?fit=652%2C794\" data-orig-size=\"652,794\" data-comments-opened=\"1\" data-image-meta=\"{&quot;aperture&quot;:&quot;0&quot;,&quot;credit&quot;:&quot;&quot;,&quot;camera&quot;:&quot;&quot;,&quot;caption&quot;:&quot;&quot;,&quot;created_timestamp&quot;:&quot;0&quot;,&quot;copyright&quot;:&quot;&quot;,&quot;focal_length&quot;:&quot;0&quot;,&quot;iso&quot;:&quot;0&quot;,&quot;shutter_speed&quot;:&quot;0&quot;,&quot;title&quot;:&quot;&quot;,&quot;orientation&quot;:&quot;0&quot;}\" data-image-title=\"Borito_Egyseg_Ketseg_katalogus2025\" data-image-description=\"\" data-medium-file=\"https:\/\/i0.wp.com\/szolnokimuvesztelep.com\/wp-content\/uploads\/2026\/08\/Borito_Egyseg_Ketseg_katalogus2025.jpg?fit=246%2C300\" data-large-file=\"https:\/\/i0.wp.com\/szolnokimuvesztelep.com\/wp-content\/uploads\/2026\/08\/Borito_Egyseg_Ketseg_katalogus2025.jpg?fit=652%2C794\" loading=\"lazy\" class=\"alignnone wp-image-9146\" src=\"https:\/\/i0.wp.com\/szolnokimuvesztelep.com\/wp-content\/uploads\/2026\/08\/Borito_Egyseg_Ketseg_katalogus2025.jpg?resize=342%2C416\" alt=\"Egys\u00e9g\/K\u00e9ts\u00e9g - A Szolnoki K\u00e9pz\u0151m\u0171v\u00e9szeti T\u00e1rsas\u00e1g ki\u00e1ll\u00edt\u00e1sa 2025\" width=\"342\" height=\"416\" srcset=\"https:\/\/i0.wp.com\/szolnokimuvesztelep.com\/wp-content\/uploads\/2026\/08\/Borito_Egyseg_Ketseg_katalogus2025.jpg?w=652 652w, https:\/\/i0.wp.com\/szolnokimuvesztelep.com\/wp-content\/uploads\/2026\/08\/Borito_Egyseg_Ketseg_katalogus2025.jpg?resize=246%2C300 246w\" sizes=\"(max-width: 342px) 100vw, 342px\" data-recalc-dims=\"1\" \/><\/a><\/p>","protected":false},"excerpt":{"rendered":"<p>Egys\u00e9g\/K\u00e9ts\u00e9g \u2013 A Szolnoki K\u00e9pz\u0151m\u0171v\u00e9szeti T\u00e1rsas\u00e1g ki\u00e1ll\u00edt\u00e1sa 2025 A Szolnoki M\u0171v\u00e9sztelep, az Aba-Nov\u00e1k Ag\u00f3ra Kultur\u00e1lis K\u00f6zpont \u00e9s a Damjanich J\u00e1nos M\u00fazeum megh\u00edvja \u00d6nt \u00e9s partner\u00e9t a K\u00e9pz\u0151m\u0171v\u00e9szet \u00dcnnep\u00e9n a Magyar Fest\u00e9szet Napja alkalm\u00e1b\u00f3l az Egys\u00e9g\/K\u00e9ts\u00e9g A Szolnoki K\u00e9pz\u0151m\u0171v\u00e9szeti T\u00e1rsas\u00e1g ki\u00e1ll\u00edt\u00e1sa megnyit\u00f3j\u00e1ra \u00e9s d\u00edj\u00e1tad\u00f3 \u00fcnneps\u00e9g\u00e9re I. Helysz\u00edn: Aba-Nov\u00e1k Ag\u00f3ra Gal\u00e9ria (5000&hellip; <\/p>","protected":false},"author":6,"featured_media":0,"parent":0,"menu_order":0,"comment_status":"closed","ping_status":"closed","template":"","meta":{"spay_email":""},"categories":[],"tags":[],"yst_prominent_words":[],"yoast_head":"<!-- This site is optimized with the Yoast SEO Premium plugin v14.1 - https:\/\/yoast.com\/wordpress\/plugins\/seo\/ -->\n<title>Esem\u00e9nyek 2025 - SZOLNOKI M\u0170V\u00c9SZTELEP<\/title>\n<meta name=\"robots\" content=\"index, follow\" \/>\n<meta name=\"googlebot\" content=\"index, follow, max-snippet:-1, max-image-preview:large, max-video-preview:-1\" \/>\n<meta name=\"bingbot\" content=\"index, follow, max-snippet:-1, max-image-preview:large, max-video-preview:-1\" \/>\n<link rel=\"canonical\" href=\"http:\/\/szolnokimuvesztelep.com\/en\/esemenyek-2025\/\" \/>\n<meta property=\"og:locale\" content=\"en_US\" \/>\n<meta property=\"og:type\" content=\"article\" \/>\n<meta property=\"og:title\" content=\"Esem\u00e9nyek 2025 - SZOLNOKI M\u0170V\u00c9SZTELEP\" \/>\n<meta property=\"og:description\" content=\"Egys\u00e9g\/K\u00e9ts\u00e9g \u2013 A Szolnoki K\u00e9pz\u0151m\u0171v\u00e9szeti T\u00e1rsas\u00e1g ki\u00e1ll\u00edt\u00e1sa 2025 A Szolnoki M\u0171v\u00e9sztelep, az Aba-Nov\u00e1k Ag\u00f3ra Kultur\u00e1lis K\u00f6zpont \u00e9s a Damjanich J\u00e1nos M\u00fazeum megh\u00edvja \u00d6nt \u00e9s partner\u00e9t a K\u00e9pz\u0151m\u0171v\u00e9szet \u00dcnnep\u00e9n a Magyar Fest\u00e9szet Napja alkalm\u00e1b\u00f3l az Egys\u00e9g\/K\u00e9ts\u00e9g A Szolnoki K\u00e9pz\u0151m\u0171v\u00e9szeti T\u00e1rsas\u00e1g ki\u00e1ll\u00edt\u00e1sa megnyit\u00f3j\u00e1ra \u00e9s d\u00edj\u00e1tad\u00f3 \u00fcnneps\u00e9g\u00e9re I. Helysz\u00edn: Aba-Nov\u00e1k Ag\u00f3ra Gal\u00e9ria (5000&hellip;\" \/>\n<meta property=\"og:url\" content=\"http:\/\/szolnokimuvesztelep.com\/en\/esemenyek-2025\/\" \/>\n<meta property=\"og:site_name\" content=\"SZOLNOKI M\u0170V\u00c9SZTELEP\" \/>\n<meta property=\"article:publisher\" content=\"https:\/\/www.facebook.com\/szolnokimuvesztelepofficial\/\" \/>\n<meta property=\"article:modified_time\" content=\"2026-08-31T19:01:09+00:00\" \/>\n<meta property=\"og:image\" content=\"http:\/\/szolnokimuvesztelep.com\/wp-content\/uploads\/2026\/08\/Borito_Egyseg_Ketseg_katalogus2025.jpg\" \/>\n<script type=\"application\/ld+json\" class=\"yoast-schema-graph\">{\"@context\":\"https:\/\/schema.org\",\"@graph\":[{\"@type\":\"Organization\",\"@id\":\"http:\/\/szolnokimuvesztelep.com\/en\/#organization\",\"name\":\"Szolnoki M\\u0171v\\u00e9sztelep\",\"url\":\"http:\/\/szolnokimuvesztelep.com\/en\/\",\"sameAs\":[\"https:\/\/www.facebook.com\/szolnokimuvesztelepofficial\/\",\"https:\/\/www.instagram.com\/szolnoki_muvesztelep\/\",\"https:\/\/www.youtube.com\/channel\/UCAYRF4A8FrslG3J__XEjEoA\",\"https:\/\/hu.wikipedia.org\/wiki\/Szolnoki_m\\u0171v\\u00e9sztelep\"],\"logo\":{\"@type\":\"ImageObject\",\"@id\":\"http:\/\/szolnokimuvesztelep.com\/en\/#logo\",\"inLanguage\":\"en-US\",\"url\":\"https:\/\/i0.wp.com\/szolnokimuvesztelep.com\/wp-content\/uploads\/2020\/05\/szmt_2019_szlogen_psz-01.png?fit=2242%2C863\",\"width\":2242,\"height\":863,\"caption\":\"Szolnoki M\\u0171v\\u00e9sztelep\"},\"image\":{\"@id\":\"http:\/\/szolnokimuvesztelep.com\/en\/#logo\"}},{\"@type\":\"WebSite\",\"@id\":\"http:\/\/szolnokimuvesztelep.com\/en\/#website\",\"url\":\"http:\/\/szolnokimuvesztelep.com\/en\/\",\"name\":\"SZOLNOKI M\\u0170V\\u00c9SZTELEP\",\"description\":\"Meg\\u00fajul\\u00f3 hagyom\\u00e1ny\",\"publisher\":{\"@id\":\"http:\/\/szolnokimuvesztelep.com\/en\/#organization\"},\"potentialAction\":[{\"@type\":\"SearchAction\",\"target\":\"http:\/\/szolnokimuvesztelep.com\/en\/?s={search_term_string}\",\"query-input\":\"required name=search_term_string\"}],\"inLanguage\":\"en-US\"},{\"@type\":\"ImageObject\",\"@id\":\"http:\/\/szolnokimuvesztelep.com\/esemenyek-2025\/#primaryimage\",\"inLanguage\":\"en-US\",\"url\":\"https:\/\/i0.wp.com\/szolnokimuvesztelep.com\/wp-content\/uploads\/2026\/08\/Borito_Egyseg_Ketseg_katalogus2025.jpg?fit=652%2C794\",\"width\":652,\"height\":794,\"caption\":\"Egys\\u00e9g\/K\\u00e9ts\\u00e9g - A Szolnoki K\\u00e9pz\\u0151m\\u0171v\\u00e9szeti T\\u00e1rsas\\u00e1g ki\\u00e1ll\\u00edt\\u00e1sa 2025\"},{\"@type\":\"WebPage\",\"@id\":\"http:\/\/szolnokimuvesztelep.com\/esemenyek-2025\/#webpage\",\"url\":\"http:\/\/szolnokimuvesztelep.com\/esemenyek-2025\/\",\"name\":\"Esem\\u00e9nyek 2025 - SZOLNOKI M\\u0170V\\u00c9SZTELEP\",\"isPartOf\":{\"@id\":\"http:\/\/szolnokimuvesztelep.com\/en\/#website\"},\"primaryImageOfPage\":{\"@id\":\"http:\/\/szolnokimuvesztelep.com\/esemenyek-2025\/#primaryimage\"},\"datePublished\":\"2026-08-31T18:46:21+00:00\",\"dateModified\":\"2026-08-31T19:01:09+00:00\",\"inLanguage\":\"en-US\",\"potentialAction\":[{\"@type\":\"ReadAction\",\"target\":[\"http:\/\/szolnokimuvesztelep.com\/esemenyek-2025\/\"]}]}]}<\/script>\n<!-- \/ Yoast SEO Premium plugin. -->","jetpack_sharing_enabled":true,"jetpack_shortlink":"https:\/\/wp.me\/P9tpmR-2nr","jetpack_likes_enabled":true,"jetpack-related-posts":[],"_links":{"self":[{"href":"http:\/\/szolnokimuvesztelep.com\/en\/wp-json\/wp\/v2\/pages\/9141"}],"collection":[{"href":"http:\/\/szolnokimuvesztelep.com\/en\/wp-json\/wp\/v2\/pages"}],"about":[{"href":"http:\/\/szolnokimuvesztelep.com\/en\/wp-json\/wp\/v2\/types\/page"}],"author":[{"embeddable":true,"href":"http:\/\/szolnokimuvesztelep.com\/en\/wp-json\/wp\/v2\/users\/6"}],"replies":[{"embeddable":true,"href":"http:\/\/szolnokimuvesztelep.com\/en\/wp-json\/wp\/v2\/comments?post=9141"}],"version-history":[{"count":5,"href":"http:\/\/szolnokimuvesztelep.com\/en\/wp-json\/wp\/v2\/pages\/9141\/revisions"}],"predecessor-version":[{"id":9149,"href":"http:\/\/szolnokimuvesztelep.com\/en\/wp-json\/wp\/v2\/pages\/9141\/revisions\/9149"}],"wp:attachment":[{"href":"http:\/\/szolnokimuvesztelep.com\/en\/wp-json\/wp\/v2\/media?parent=9141"}],"wp:term":[{"taxonomy":"category","embeddable":true,"href":"http:\/\/szolnokimuvesztelep.com\/en\/wp-json\/wp\/v2\/categories?post=9141"},{"taxonomy":"post_tag","embeddable":true,"href":"http:\/\/szolnokimuvesztelep.com\/en\/wp-json\/wp\/v2\/tags?post=9141"},{"taxonomy":"yst_prominent_words","embeddable":true,"href":"http:\/\/szolnokimuvesztelep.com\/en\/wp-json\/wp\/v2\/yst_prominent_words?post=9141"}],"curies":[{"name":"wp","href":"https:\/\/api.w.org\/{rel}","templated":true}]}}