{"id":6764,"date":"2021-06-09T13:32:39","date_gmt":"2021-06-09T13:32:39","guid":{"rendered":"http:\/\/szolnokimuvesztelep.com\/?page_id=6764"},"modified":"2021-06-09T13:38:02","modified_gmt":"2021-06-09T13:38:02","slug":"a-szolnoki-var-regeszeti-dimenziok","status":"publish","type":"page","link":"http:\/\/szolnokimuvesztelep.com\/en\/a-szolnoki-var-regeszeti-dimenziok\/","title":{"rendered":"A szolnoki v\u00e1r \u2013 r\u00e9g\u00e9szeti dimenzi\u00f3k"},"content":{"rendered":"<div data-elementor-type=\"wp-page\" data-elementor-id=\"6764\" class=\"elementor elementor-6764\" data-elementor-settings=\"[]\">\n\t\t\t<div class=\"elementor-inner\">\n\t\t\t\t<div class=\"elementor-section-wrap\">\n\t\t\t\t\t\t\t<section class=\"elementor-element elementor-element-2b865bc elementor-section-boxed elementor-section-height-default elementor-section-height-default elementor-section elementor-top-section\" data-id=\"2b865bc\" data-element_type=\"section\">\n\t\t\t\t\t\t<div class=\"elementor-container elementor-column-gap-default\">\n\t\t\t\t<div class=\"elementor-row\">\n\t\t\t\t<div class=\"elementor-element elementor-element-35095a8 elementor-column elementor-col-100 elementor-top-column\" data-id=\"35095a8\" data-element_type=\"column\">\n\t\t\t<div class=\"elementor-column-wrap  elementor-element-populated\">\n\t\t\t\t\t<div class=\"elementor-widget-wrap\">\n\t\t\t\t<div class=\"elementor-element elementor-element-eda6c9e elementor-widget elementor-widget-image\" data-id=\"eda6c9e\" data-element_type=\"widget\" data-widget_type=\"image.default\">\n\t\t\t\t<div class=\"elementor-widget-container\">\n\t\t\t\t\t<div class=\"elementor-image\">\n\t\t\t\t\t\t\t\t\t\t<img width=\"790\" height=\"528\" src=\"https:\/\/i0.wp.com\/szolnokimuvesztelep.com\/wp-content\/uploads\/2021\/06\/sarkany.jpg?fit=790%2C528\" class=\"attachment-large size-large\" alt=\"\" loading=\"lazy\" srcset=\"https:\/\/i0.wp.com\/szolnokimuvesztelep.com\/wp-content\/uploads\/2021\/06\/sarkany.jpg?w=2000 2000w, https:\/\/i0.wp.com\/szolnokimuvesztelep.com\/wp-content\/uploads\/2021\/06\/sarkany.jpg?resize=300%2C200 300w, https:\/\/i0.wp.com\/szolnokimuvesztelep.com\/wp-content\/uploads\/2021\/06\/sarkany.jpg?resize=1024%2C684 1024w, https:\/\/i0.wp.com\/szolnokimuvesztelep.com\/wp-content\/uploads\/2021\/06\/sarkany.jpg?resize=768%2C513 768w, https:\/\/i0.wp.com\/szolnokimuvesztelep.com\/wp-content\/uploads\/2021\/06\/sarkany.jpg?resize=1536%2C1025 1536w, https:\/\/i0.wp.com\/szolnokimuvesztelep.com\/wp-content\/uploads\/2021\/06\/sarkany.jpg?w=1720 1720w\" sizes=\"(max-width: 790px) 100vw, 790px\" data-attachment-id=\"6765\" data-permalink=\"http:\/\/szolnokimuvesztelep.com\/en\/a-szolnoki-var-regeszeti-dimenziok\/sarkany\/\" data-orig-file=\"https:\/\/i0.wp.com\/szolnokimuvesztelep.com\/wp-content\/uploads\/2021\/06\/sarkany.jpg?fit=2000%2C1335\" data-orig-size=\"2000,1335\" data-comments-opened=\"1\" data-image-meta=\"{&quot;aperture&quot;:&quot;2&quot;,&quot;credit&quot;:&quot;&quot;,&quot;camera&quot;:&quot;NIKON D800&quot;,&quot;caption&quot;:&quot;&quot;,&quot;created_timestamp&quot;:&quot;1536845361&quot;,&quot;copyright&quot;:&quot;&quot;,&quot;focal_length&quot;:&quot;135&quot;,&quot;iso&quot;:&quot;400&quot;,&quot;shutter_speed&quot;:&quot;0.76923076923077&quot;,&quot;title&quot;:&quot;&quot;,&quot;orientation&quot;:&quot;1&quot;}\" data-image-title=\"sarkany\" data-image-description=\"\" data-medium-file=\"https:\/\/i0.wp.com\/szolnokimuvesztelep.com\/wp-content\/uploads\/2021\/06\/sarkany.jpg?fit=300%2C200\" data-large-file=\"https:\/\/i0.wp.com\/szolnokimuvesztelep.com\/wp-content\/uploads\/2021\/06\/sarkany.jpg?fit=790%2C528\" \/>\t\t\t\t\t\t\t\t\t\t\t<\/div>\n\t\t\t\t<\/div>\n\t\t\t\t<\/div>\n\t\t\t\t\t\t<\/div>\n\t\t\t<\/div>\n\t\t<\/div>\n\t\t\t\t\t\t<\/div>\n\t\t\t<\/div>\n\t\t<\/section>\n\t\t\t\t<section class=\"elementor-element elementor-element-3db3381 elementor-section-boxed elementor-section-height-default elementor-section-height-default elementor-section elementor-top-section\" data-id=\"3db3381\" data-element_type=\"section\">\n\t\t\t\t\t\t<div class=\"elementor-container elementor-column-gap-default\">\n\t\t\t\t<div class=\"elementor-row\">\n\t\t\t\t<div class=\"elementor-element elementor-element-95c4588 elementor-column elementor-col-100 elementor-top-column\" data-id=\"95c4588\" data-element_type=\"column\">\n\t\t\t<div class=\"elementor-column-wrap  elementor-element-populated\">\n\t\t\t\t\t<div class=\"elementor-widget-wrap\">\n\t\t\t\t<div class=\"elementor-element elementor-element-ec14f68 elementor-widget elementor-widget-heading\" data-id=\"ec14f68\" data-element_type=\"widget\" data-widget_type=\"heading.default\">\n\t\t\t\t<div class=\"elementor-widget-container\">\n\t\t\t<h2 class=\"elementor-heading-title elementor-size-default\">A szolnoki v\u00e1r \u2013 r\u00e9g\u00e9szeti dimenzi\u00f3k<\/h2>\t\t<\/div>\n\t\t\t\t<\/div>\n\t\t\t\t<div class=\"elementor-element elementor-element-8fb4aff elementor-widget elementor-widget-heading\" data-id=\"8fb4aff\" data-element_type=\"widget\" data-widget_type=\"heading.default\">\n\t\t\t\t<div class=\"elementor-widget-container\">\n\t\t\t<h2 class=\"elementor-heading-title elementor-size-default\">Dr. Kert\u00e9sz R\u00f3bert el\u0151ad\u00e1sa<\/h2>\t\t<\/div>\n\t\t\t\t<\/div>\n\t\t\t\t\t\t<\/div>\n\t\t\t<\/div>\n\t\t<\/div>\n\t\t\t\t\t\t<\/div>\n\t\t\t<\/div>\n\t\t<\/section>\n\t\t\t\t<section class=\"elementor-element elementor-element-c070281 elementor-section-boxed elementor-section-height-default elementor-section-height-default elementor-section elementor-top-section\" data-id=\"c070281\" data-element_type=\"section\">\n\t\t\t\t\t\t<div class=\"elementor-container elementor-column-gap-default\">\n\t\t\t\t<div class=\"elementor-row\">\n\t\t\t\t<div class=\"elementor-element elementor-element-362ec00 elementor-column elementor-col-100 elementor-top-column\" data-id=\"362ec00\" data-element_type=\"column\">\n\t\t\t<div class=\"elementor-column-wrap  elementor-element-populated\">\n\t\t\t\t\t<div class=\"elementor-widget-wrap\">\n\t\t\t\t<div class=\"elementor-element elementor-element-5f606d6 elementor-widget elementor-widget-text-editor\" data-id=\"5f606d6\" data-element_type=\"widget\" data-widget_type=\"text-editor.default\">\n\t\t\t\t<div class=\"elementor-widget-container\">\n\t\t\t\t\t<div class=\"elementor-text-editor elementor-clearfix\"><p><span style=\"font-size: 14px;\">A 2017\u20132019 k\u00f6z\u00f6tti r\u00e9g\u00e9szeti kutat\u00e1sok jelent\u0151sen kib\u0151v\u00edtett\u00e9k a szolnoki v\u00e1rral kapcsolatos ismereteinket, \u00e9s r\u00e1vil\u00e1g\u00edtottak a v\u00e1ros t\u00f6rt\u00e9neti relevanci\u00e1j\u00e1ra, amelynek m\u00e9rt\u00e9k\u00e9t a kor\u00e1bbi r\u00e9g\u00e9szeti kutat\u00e1si lehet\u0151s\u00e9gek hi\u00e1nya eddig h\u00e1tt\u00e9rbe szor\u00edthatott. A felsz\u00ednre ker\u00fclt jelens\u00e9gek, leletek bizony\u00edt\u00e9kul szolg\u00e1ltak a 3500 \u00e9vvel ezel\u0151tti bronzkori er\u0151ss\u00e9g, valamint az isp\u00e1ns\u00e1gi v\u00e1r jelenl\u00e9t\u00e9re, a korai olasz rendszer\u0171 kir\u00e1lyi v\u00e9gv\u00e1r k\u00e9t k\u0151\u00e9p\u00fclet\u00e9re, tov\u00e1bb\u00e1 a magyarorsz\u00e1gi h\u00f3dolts\u00e1gban pillanatnyilag egyed\u00fcl\u00e1ll\u00f3 oszm\u00e1n palot\u00e1ra, illet\u0151leg megmutatt\u00e1k a szolnoki szandzs\u00e1ksz\u00e9khely adminisztrat\u00edv, katonai \u00e9s kereskedelmi jelent\u0151s\u00e9g\u00e9t a t\u00f6r\u00f6k id\u0151szakban. <\/span><\/p><p><span style=\"font-size: 14px;\">A V\u00e1rkapu L\u00e1togat\u00f3k\u00f6zpont az er\u0151ss\u00e9g egykori nyugati kaputorny\u00e1nak szomsz\u00e9ds\u00e1g\u00e1ban \u00e1ll, eml\u00e9keztetve a felsz\u00ednen nyom n\u00e9lk\u00fcl elt\u0171nt v\u00e1r egykor legjelent\u0151sebb er\u0151d\u00edt\u00e9si elem\u00e9re. Az \u00e9p\u00fclet a szolnoki v\u00e1r t\u00f6rt\u00e9net\u00e9t bemutat\u00f3 ki\u00e1ll\u00edt\u00e1snak fog helyet adni. A r\u00e9g\u00e9szeti \u00e1sat\u00e1s sor\u00e1n felt\u00e1rt \u00e9p\u00fcletek k\u00f6z\u00fcl a 16. sz\u00e1zad k\u00f6zep\u00e9n emelt kasz\u00e1rnya alagsor\u00e1nak r\u00e9szlete lesz l\u00e1togathat\u00f3, a m\u0171eml\u00e9ki helyre\u00e1ll\u00edt\u00e1st k\u00f6vet\u0151en.<\/span><\/p><div><span style=\"font-size: 14px;\">Dr. Kert\u00e9sz R\u00f3bert r\u00e9g\u00e9sz lebilincsel\u0151 el\u0151ad\u00e1s\u00e1ban a Szolnoki v\u00e1r titkair\u00f3l tudhatnak meg t\u00f6bbet az \u00e9rdekl\u0151d\u0151k.<\/span><\/div><div><span style=\"font-size: 14px;\">Az el\u0151ad\u00e1s helye a Rajzst\u00fadi\u00f3<\/span><\/div><p>\u00a0<\/p><\/div>\n\t\t\t\t<\/div>\n\t\t\t\t<\/div>\n\t\t\t\t\t\t<\/div>\n\t\t\t<\/div>\n\t\t<\/div>\n\t\t\t\t\t\t<\/div>\n\t\t\t<\/div>\n\t\t<\/section>\n\t\t\t\t\t\t<\/div>\n\t\t\t<\/div>\n\t\t<\/div>","protected":false},"excerpt":{"rendered":"<p>A szolnoki v\u00e1r \u2013 r\u00e9g\u00e9szeti dimenzi\u00f3k Dr. Kert\u00e9sz R\u00f3bert el\u0151ad\u00e1sa A 2017\u20132019 k\u00f6z\u00f6tti r\u00e9g\u00e9szeti kutat\u00e1sok jelent\u0151sen kib\u0151v\u00edtett\u00e9k a szolnoki v\u00e1rral kapcsolatos ismereteinket, \u00e9s r\u00e1vil\u00e1g\u00edtottak a v\u00e1ros t\u00f6rt\u00e9neti relevanci\u00e1j\u00e1ra, amelynek m\u00e9rt\u00e9k\u00e9t a kor\u00e1bbi r\u00e9g\u00e9szeti kutat\u00e1si lehet\u0151s\u00e9gek hi\u00e1nya eddig h\u00e1tt\u00e9rbe szor\u00edthatott. A felsz\u00ednre ker\u00fclt jelens\u00e9gek, leletek bizony\u00edt\u00e9kul szolg\u00e1ltak a 3500 \u00e9vvel ezel\u0151tti&hellip; <\/p>","protected":false},"author":9,"featured_media":0,"parent":0,"menu_order":0,"comment_status":"closed","ping_status":"closed","template":"","meta":{"spay_email":""},"categories":[],"tags":[],"yst_prominent_words":[],"yoast_head":"<!-- This site is optimized with the Yoast SEO Premium plugin v14.1 - https:\/\/yoast.com\/wordpress\/plugins\/seo\/ -->\n<title>A szolnoki v\u00e1r \u2013 r\u00e9g\u00e9szeti dimenzi\u00f3k - SZOLNOKI M\u0170V\u00c9SZTELEP<\/title>\n<meta name=\"robots\" content=\"index, follow\" \/>\n<meta name=\"googlebot\" content=\"index, follow, max-snippet:-1, max-image-preview:large, max-video-preview:-1\" \/>\n<meta name=\"bingbot\" content=\"index, follow, max-snippet:-1, max-image-preview:large, max-video-preview:-1\" \/>\n<link rel=\"canonical\" href=\"http:\/\/szolnokimuvesztelep.com\/en\/a-szolnoki-var-regeszeti-dimenziok\/\" \/>\n<meta property=\"og:locale\" content=\"en_US\" \/>\n<meta property=\"og:type\" content=\"article\" \/>\n<meta property=\"og:title\" content=\"A szolnoki v\u00e1r \u2013 r\u00e9g\u00e9szeti dimenzi\u00f3k - SZOLNOKI M\u0170V\u00c9SZTELEP\" \/>\n<meta property=\"og:description\" content=\"A szolnoki v\u00e1r \u2013 r\u00e9g\u00e9szeti dimenzi\u00f3k Dr. Kert\u00e9sz R\u00f3bert el\u0151ad\u00e1sa A 2017\u20132019 k\u00f6z\u00f6tti r\u00e9g\u00e9szeti kutat\u00e1sok jelent\u0151sen kib\u0151v\u00edtett\u00e9k a szolnoki v\u00e1rral kapcsolatos ismereteinket, \u00e9s r\u00e1vil\u00e1g\u00edtottak a v\u00e1ros t\u00f6rt\u00e9neti relevanci\u00e1j\u00e1ra, amelynek m\u00e9rt\u00e9k\u00e9t a kor\u00e1bbi r\u00e9g\u00e9szeti kutat\u00e1si lehet\u0151s\u00e9gek hi\u00e1nya eddig h\u00e1tt\u00e9rbe szor\u00edthatott. A felsz\u00ednre ker\u00fclt jelens\u00e9gek, leletek bizony\u00edt\u00e9kul szolg\u00e1ltak a 3500 \u00e9vvel ezel\u0151tti&hellip;\" \/>\n<meta property=\"og:url\" content=\"http:\/\/szolnokimuvesztelep.com\/en\/a-szolnoki-var-regeszeti-dimenziok\/\" \/>\n<meta property=\"og:site_name\" content=\"SZOLNOKI M\u0170V\u00c9SZTELEP\" \/>\n<meta property=\"article:publisher\" content=\"https:\/\/www.facebook.com\/szolnokimuvesztelepofficial\/\" \/>\n<meta property=\"article:modified_time\" content=\"2021-06-09T13:38:02+00:00\" \/>\n<meta property=\"og:image\" content=\"http:\/\/szolnokimuvesztelep.com\/wp-content\/uploads\/2021\/06\/sarkany-1024x684.jpg\" \/>\n<script type=\"application\/ld+json\" class=\"yoast-schema-graph\">{\"@context\":\"https:\/\/schema.org\",\"@graph\":[{\"@type\":\"Organization\",\"@id\":\"http:\/\/szolnokimuvesztelep.com\/en\/#organization\",\"name\":\"Szolnoki M\\u0171v\\u00e9sztelep\",\"url\":\"http:\/\/szolnokimuvesztelep.com\/en\/\",\"sameAs\":[\"https:\/\/www.facebook.com\/szolnokimuvesztelepofficial\/\",\"https:\/\/www.instagram.com\/szolnoki_muvesztelep\/\",\"https:\/\/www.youtube.com\/channel\/UCAYRF4A8FrslG3J__XEjEoA\",\"https:\/\/hu.wikipedia.org\/wiki\/Szolnoki_m\\u0171v\\u00e9sztelep\"],\"logo\":{\"@type\":\"ImageObject\",\"@id\":\"http:\/\/szolnokimuvesztelep.com\/en\/#logo\",\"inLanguage\":\"en-US\",\"url\":\"https:\/\/i0.wp.com\/szolnokimuvesztelep.com\/wp-content\/uploads\/2020\/05\/szmt_2019_szlogen_psz-01.png?fit=2242%2C863\",\"width\":2242,\"height\":863,\"caption\":\"Szolnoki M\\u0171v\\u00e9sztelep\"},\"image\":{\"@id\":\"http:\/\/szolnokimuvesztelep.com\/en\/#logo\"}},{\"@type\":\"WebSite\",\"@id\":\"http:\/\/szolnokimuvesztelep.com\/en\/#website\",\"url\":\"http:\/\/szolnokimuvesztelep.com\/en\/\",\"name\":\"SZOLNOKI M\\u0170V\\u00c9SZTELEP\",\"description\":\"Meg\\u00fajul\\u00f3 hagyom\\u00e1ny\",\"publisher\":{\"@id\":\"http:\/\/szolnokimuvesztelep.com\/en\/#organization\"},\"potentialAction\":[{\"@type\":\"SearchAction\",\"target\":\"http:\/\/szolnokimuvesztelep.com\/en\/?s={search_term_string}\",\"query-input\":\"required name=search_term_string\"}],\"inLanguage\":\"en-US\"},{\"@type\":\"ImageObject\",\"@id\":\"http:\/\/szolnokimuvesztelep.com\/a-szolnoki-var-regeszeti-dimenziok\/#primaryimage\",\"inLanguage\":\"en-US\",\"url\":\"https:\/\/i0.wp.com\/szolnokimuvesztelep.com\/wp-content\/uploads\/2021\/06\/sarkany.jpg?fit=2000%2C1335\",\"width\":2000,\"height\":1335},{\"@type\":\"WebPage\",\"@id\":\"http:\/\/szolnokimuvesztelep.com\/a-szolnoki-var-regeszeti-dimenziok\/#webpage\",\"url\":\"http:\/\/szolnokimuvesztelep.com\/a-szolnoki-var-regeszeti-dimenziok\/\",\"name\":\"A szolnoki v\\u00e1r \\u2013 r\\u00e9g\\u00e9szeti dimenzi\\u00f3k - SZOLNOKI M\\u0170V\\u00c9SZTELEP\",\"isPartOf\":{\"@id\":\"http:\/\/szolnokimuvesztelep.com\/en\/#website\"},\"primaryImageOfPage\":{\"@id\":\"http:\/\/szolnokimuvesztelep.com\/a-szolnoki-var-regeszeti-dimenziok\/#primaryimage\"},\"datePublished\":\"2021-06-09T13:32:39+00:00\",\"dateModified\":\"2021-06-09T13:38:02+00:00\",\"inLanguage\":\"en-US\",\"potentialAction\":[{\"@type\":\"ReadAction\",\"target\":[\"http:\/\/szolnokimuvesztelep.com\/a-szolnoki-var-regeszeti-dimenziok\/\"]}]}]}<\/script>\n<!-- \/ Yoast SEO Premium plugin. -->","jetpack_sharing_enabled":true,"jetpack_shortlink":"https:\/\/wp.me\/P9tpmR-1L6","jetpack_likes_enabled":true,"jetpack-related-posts":[],"_links":{"self":[{"href":"http:\/\/szolnokimuvesztelep.com\/en\/wp-json\/wp\/v2\/pages\/6764"}],"collection":[{"href":"http:\/\/szolnokimuvesztelep.com\/en\/wp-json\/wp\/v2\/pages"}],"about":[{"href":"http:\/\/szolnokimuvesztelep.com\/en\/wp-json\/wp\/v2\/types\/page"}],"author":[{"embeddable":true,"href":"http:\/\/szolnokimuvesztelep.com\/en\/wp-json\/wp\/v2\/users\/9"}],"replies":[{"embeddable":true,"href":"http:\/\/szolnokimuvesztelep.com\/en\/wp-json\/wp\/v2\/comments?post=6764"}],"version-history":[{"count":3,"href":"http:\/\/szolnokimuvesztelep.com\/en\/wp-json\/wp\/v2\/pages\/6764\/revisions"}],"predecessor-version":[{"id":6768,"href":"http:\/\/szolnokimuvesztelep.com\/en\/wp-json\/wp\/v2\/pages\/6764\/revisions\/6768"}],"wp:attachment":[{"href":"http:\/\/szolnokimuvesztelep.com\/en\/wp-json\/wp\/v2\/media?parent=6764"}],"wp:term":[{"taxonomy":"category","embeddable":true,"href":"http:\/\/szolnokimuvesztelep.com\/en\/wp-json\/wp\/v2\/categories?post=6764"},{"taxonomy":"post_tag","embeddable":true,"href":"http:\/\/szolnokimuvesztelep.com\/en\/wp-json\/wp\/v2\/tags?post=6764"},{"taxonomy":"yst_prominent_words","embeddable":true,"href":"http:\/\/szolnokimuvesztelep.com\/en\/wp-json\/wp\/v2\/yst_prominent_words?post=6764"}],"curies":[{"name":"wp","href":"https:\/\/api.w.org\/{rel}","templated":true}]}}