{"id":6746,"date":"2021-06-09T07:24:23","date_gmt":"2021-06-09T07:24:23","guid":{"rendered":"http:\/\/szolnokimuvesztelep.com\/?page_id=6746"},"modified":"2021-06-09T07:36:26","modified_gmt":"2021-06-09T07:36:26","slug":"balkan-fanatik-koncert-2021","status":"publish","type":"page","link":"http:\/\/szolnokimuvesztelep.com\/en\/balkan-fanatik-koncert-2021\/","title":{"rendered":"Balkan Fanatik koncert 2021"},"content":{"rendered":"<div data-elementor-type=\"wp-page\" data-elementor-id=\"6746\" class=\"elementor elementor-6746\" data-elementor-settings=\"[]\">\n\t\t\t<div class=\"elementor-inner\">\n\t\t\t\t<div class=\"elementor-section-wrap\">\n\t\t\t\t\t\t\t<section class=\"elementor-element elementor-element-c346211 elementor-section-boxed elementor-section-height-default elementor-section-height-default elementor-section elementor-top-section\" data-id=\"c346211\" data-element_type=\"section\">\n\t\t\t\t\t\t<div class=\"elementor-container elementor-column-gap-default\">\n\t\t\t\t<div class=\"elementor-row\">\n\t\t\t\t<div class=\"elementor-element elementor-element-e747b07 elementor-column elementor-col-100 elementor-top-column\" data-id=\"e747b07\" data-element_type=\"column\">\n\t\t\t<div class=\"elementor-column-wrap\">\n\t\t\t\t\t<div class=\"elementor-widget-wrap\">\n\t\t\t\t\t\t<\/div>\n\t\t\t<\/div>\n\t\t<\/div>\n\t\t\t\t\t\t<\/div>\n\t\t\t<\/div>\n\t\t<\/section>\n\t\t\t\t<section class=\"elementor-element elementor-element-8649114 elementor-section-boxed elementor-section-height-default elementor-section-height-default elementor-section elementor-top-section\" data-id=\"8649114\" data-element_type=\"section\">\n\t\t\t\t\t\t<div class=\"elementor-container elementor-column-gap-default\">\n\t\t\t\t<div class=\"elementor-row\">\n\t\t\t\t<div class=\"elementor-element elementor-element-1a6882f elementor-column elementor-col-100 elementor-top-column\" data-id=\"1a6882f\" data-element_type=\"column\">\n\t\t\t<div class=\"elementor-column-wrap  elementor-element-populated\">\n\t\t\t\t\t<div class=\"elementor-widget-wrap\">\n\t\t\t\t<div class=\"elementor-element elementor-element-5db2e58 elementor-widget elementor-widget-image\" data-id=\"5db2e58\" data-element_type=\"widget\" data-widget_type=\"image.default\">\n\t\t\t\t<div class=\"elementor-widget-container\">\n\t\t\t\t\t<div class=\"elementor-image\">\n\t\t\t\t\t\t\t\t\t\t<img width=\"790\" height=\"538\" src=\"https:\/\/i2.wp.com\/szolnokimuvesztelep.com\/wp-content\/uploads\/2021\/06\/BALKAN-FANATIK-FOTO2.jpg?fit=790%2C538\" class=\"attachment-large size-large\" alt=\"\" loading=\"lazy\" srcset=\"https:\/\/i2.wp.com\/szolnokimuvesztelep.com\/wp-content\/uploads\/2021\/06\/BALKAN-FANATIK-FOTO2.jpg?w=1828 1828w, https:\/\/i2.wp.com\/szolnokimuvesztelep.com\/wp-content\/uploads\/2021\/06\/BALKAN-FANATIK-FOTO2.jpg?resize=300%2C204 300w, https:\/\/i2.wp.com\/szolnokimuvesztelep.com\/wp-content\/uploads\/2021\/06\/BALKAN-FANATIK-FOTO2.jpg?resize=1024%2C697 1024w, https:\/\/i2.wp.com\/szolnokimuvesztelep.com\/wp-content\/uploads\/2021\/06\/BALKAN-FANATIK-FOTO2.jpg?resize=768%2C523 768w, https:\/\/i2.wp.com\/szolnokimuvesztelep.com\/wp-content\/uploads\/2021\/06\/BALKAN-FANATIK-FOTO2.jpg?resize=1536%2C1046 1536w, https:\/\/i2.wp.com\/szolnokimuvesztelep.com\/wp-content\/uploads\/2021\/06\/BALKAN-FANATIK-FOTO2.jpg?w=1720 1720w\" sizes=\"(max-width: 790px) 100vw, 790px\" data-attachment-id=\"6747\" data-permalink=\"http:\/\/szolnokimuvesztelep.com\/en\/balkan-fanatik-koncert-2021\/balkan-fanatik-foto2\/\" data-orig-file=\"https:\/\/i2.wp.com\/szolnokimuvesztelep.com\/wp-content\/uploads\/2021\/06\/BALKAN-FANATIK-FOTO2.jpg?fit=1828%2C1245\" data-orig-size=\"1828,1245\" data-comments-opened=\"1\" data-image-meta=\"{&quot;aperture&quot;:&quot;1.7&quot;,&quot;credit&quot;:&quot;&quot;,&quot;camera&quot;:&quot;SM-G935F&quot;,&quot;caption&quot;:&quot;&quot;,&quot;created_timestamp&quot;:&quot;1566259855&quot;,&quot;copyright&quot;:&quot;&quot;,&quot;focal_length&quot;:&quot;4.2&quot;,&quot;iso&quot;:&quot;100&quot;,&quot;shutter_speed&quot;:&quot;0.02&quot;,&quot;title&quot;:&quot;&quot;,&quot;orientation&quot;:&quot;1&quot;}\" data-image-title=\"BALK\u00c1N FANATIK FOTO2\" data-image-description=\"\" data-medium-file=\"https:\/\/i2.wp.com\/szolnokimuvesztelep.com\/wp-content\/uploads\/2021\/06\/BALKAN-FANATIK-FOTO2.jpg?fit=300%2C204\" data-large-file=\"https:\/\/i2.wp.com\/szolnokimuvesztelep.com\/wp-content\/uploads\/2021\/06\/BALKAN-FANATIK-FOTO2.jpg?fit=790%2C538\" \/>\t\t\t\t\t\t\t\t\t\t\t<\/div>\n\t\t\t\t<\/div>\n\t\t\t\t<\/div>\n\t\t\t\t\t\t<\/div>\n\t\t\t<\/div>\n\t\t<\/div>\n\t\t\t\t\t\t<\/div>\n\t\t\t<\/div>\n\t\t<\/section>\n\t\t\t\t<section class=\"elementor-element elementor-element-c1a2dec elementor-section-boxed elementor-section-height-default elementor-section-height-default elementor-section elementor-top-section\" data-id=\"c1a2dec\" data-element_type=\"section\">\n\t\t\t\t\t\t<div class=\"elementor-container elementor-column-gap-default\">\n\t\t\t\t<div class=\"elementor-row\">\n\t\t\t\t<div class=\"elementor-element elementor-element-16df96d elementor-column elementor-col-100 elementor-top-column\" data-id=\"16df96d\" data-element_type=\"column\">\n\t\t\t<div class=\"elementor-column-wrap  elementor-element-populated\">\n\t\t\t\t\t<div class=\"elementor-widget-wrap\">\n\t\t\t\t<div class=\"elementor-element elementor-element-9326ee1 elementor-widget elementor-widget-heading\" data-id=\"9326ee1\" data-element_type=\"widget\" data-widget_type=\"heading.default\">\n\t\t\t\t<div class=\"elementor-widget-container\">\n\t\t\t<h2 class=\"elementor-heading-title elementor-size-default\">Balkan Fanatik koncert<\/h2>\t\t<\/div>\n\t\t\t\t<\/div>\n\t\t\t\t<div class=\"elementor-element elementor-element-d5cdf99 elementor-widget elementor-widget-heading\" data-id=\"d5cdf99\" data-element_type=\"widget\" data-widget_type=\"heading.default\">\n\t\t\t\t<div class=\"elementor-widget-container\">\n\t\t\t<h2 class=\"elementor-heading-title elementor-size-default\">2021.07. 02-\u00e1n<\/h2>\t\t<\/div>\n\t\t\t\t<\/div>\n\t\t\t\t<div class=\"elementor-element elementor-element-50a4b9e elementor-widget elementor-widget-heading\" data-id=\"50a4b9e\" data-element_type=\"widget\" data-widget_type=\"heading.default\">\n\t\t\t\t<div class=\"elementor-widget-container\">\n\t\t\t<h2 class=\"elementor-heading-title elementor-size-default\">A Szolnoki M\u0171v\u00e9sztelepen<\/h2>\t\t<\/div>\n\t\t\t\t<\/div>\n\t\t\t\t<div class=\"elementor-element elementor-element-0fa0fdb elementor-widget elementor-widget-text-editor\" data-id=\"0fa0fdb\" data-element_type=\"widget\" data-widget_type=\"text-editor.default\">\n\t\t\t\t<div class=\"elementor-widget-container\">\n\t\t\t\t\t<div class=\"elementor-text-editor elementor-clearfix\"><p><span style=\"font-size: 20px;\">A zenekarr\u00f3l<\/span><\/p>\n<p><span>&nbsp;A 2002-ben alakult producer du\u00f3 tagjai t\u00f6bb \u00e9vtizedes zenei m\u00falttal a h\u00e1tuk m\u00f6g\u00f6tt d\u00f6nt\u00f6ttek \u00fagy, hogy m\u00fbfaji \u00e9s st\u00edlusbeli hat\u00e1rokat \u00e1tl\u00e9pve Balkan Fanatik n\u00e9ven egyes\u00edtik zenei elk\u00e9pzel\u00e9seiket.<br><\/span><span style=\"font-size: 14px;\">&nbsp;A produkci\u00f3 c\u00e9lja zenei kultur\u00e1k, st\u00edlusok megismertet\u00e9se a hazai mellett a nyugati hallgat\u00f3s\u00e1ggal is, ez\u00e9rt dalaik t\u00f6bb nyelven is megsz\u00f3lalnak.<br><\/span><span style=\"font-size: 14px;\">&nbsp;A hip-hop-electronica-worldmusic du\u00f3 (Yorgos \u00e9s Lepe) a hangfelv\u00e9teleken \u00e9s a koncerteken n\u00e9pes el\u0151ad\u00f3m\u0171v\u00e9sz sereggel eg\u00e9sz\u00fcl ki.<\/span><\/p>\n<p><span><span style=\"font-size: 20px;\">Koncertek, szerepl\u00e9sek<\/span><\/span><\/p>\n<p>&nbsp;A BF 2003 nyara \u00f3ta nagy sikerrel szerepel klubokban \u00e9s fesztiv\u00e1lokon. A zenekar j\u00e1tszott B\u00e9csben, Erd\u00e9lyben, Lengyelorsz\u00e1gban, Horv\u00e1torsz\u00e1gban, Szerbi\u00e1ban. A Sziget fesztiv\u00e1lon \u00e9vek \u00f3ta t\u00f6bb ezer rajong\u00f3 tombol a sr\u00e1cok zen\u00e9j\u00e9re. A BF j\u00e1tszott t\u00f6bbek k\u00f6z\u00f6tt az amerikai hip-hop legenda, a Public Enemy, a legend\u00e1s angol Jethro Tull, a world music vil\u00e1gszt\u00e1r, Transglobal Underground \u00e9s az elektro-punk Prodigy el\u00f5zenekarak\u00e9nt.<\/p>\n<p><span><span style=\"font-size: 20px;\">D\u00edjak<\/span><\/span><\/p>\n<p><span>N\u00e9pm\u0171v\u00e9szet Ifj\u00fa Mestere<br><\/span><span style=\"font-size: 14px;\">Fonogram D\u00edj. A Balkan Fanatik deb\u00fct\u00e1l\u00f3 albuma a 2004-es \u00e9v legjobb World Music lemeze lett.<br><\/span><span style=\"font-size: 14px;\">Bezer\u00e9dj d\u00edj a magyar n\u00e9pzenei kult\u00fara \u00e1pol\u00e1s\u00e1\u00e9rt. (Kultur\u00e1lis Miniszt\u00e9rium)<\/span><\/p>\n<p><\/p>\n<p><strong>2021 j\u00falius 2-\u00e1n a Balk\u00e1n Fanatik&nbsp; s Szolnoki M\u0171v\u00e9sztelep ARTj\u00e1r\u00f3 Fesztiv\u00e1lj\u00e1n lesz l\u00e1that\u00f3 \u00e9s hallhat\u00f3 23.00 \u00f3r\u00e1t\u00f3l!<\/strong><\/p><\/div>\n\t\t\t\t<\/div>\n\t\t\t\t<\/div>\n\t\t\t\t\t\t<\/div>\n\t\t\t<\/div>\n\t\t<\/div>\n\t\t\t\t\t\t<\/div>\n\t\t\t<\/div>\n\t\t<\/section>\n\t\t\t\t\t\t<\/div>\n\t\t\t<\/div>\n\t\t<\/div>","protected":false},"excerpt":{"rendered":"<p>Balkan Fanatik koncert 2021.07. 02-\u00e1n A Szolnoki M\u0171v\u00e9sztelepen A zenekarr\u00f3l &nbsp;A 2002-ben alakult producer du\u00f3 tagjai t\u00f6bb \u00e9vtizedes zenei m\u00falttal a h\u00e1tuk m\u00f6g\u00f6tt d\u00f6nt\u00f6ttek \u00fagy, hogy m\u00fbfaji \u00e9s st\u00edlusbeli hat\u00e1rokat \u00e1tl\u00e9pve Balkan Fanatik n\u00e9ven egyes\u00edtik zenei elk\u00e9pzel\u00e9seiket.&nbsp;A produkci\u00f3 c\u00e9lja zenei kultur\u00e1k, st\u00edlusok megismertet\u00e9se a hazai mellett a nyugati hallgat\u00f3s\u00e1ggal is,&hellip; <\/p>","protected":false},"author":9,"featured_media":0,"parent":0,"menu_order":0,"comment_status":"closed","ping_status":"closed","template":"","meta":{"spay_email":""},"categories":[],"tags":[],"yst_prominent_words":[],"yoast_head":"<!-- This site is optimized with the Yoast SEO Premium plugin v14.1 - https:\/\/yoast.com\/wordpress\/plugins\/seo\/ -->\n<title>Balkan Fanatik koncert 2021 - SZOLNOKI M\u0170V\u00c9SZTELEP<\/title>\n<meta name=\"robots\" content=\"index, follow\" \/>\n<meta name=\"googlebot\" content=\"index, follow, max-snippet:-1, max-image-preview:large, max-video-preview:-1\" \/>\n<meta name=\"bingbot\" content=\"index, follow, max-snippet:-1, max-image-preview:large, max-video-preview:-1\" \/>\n<link rel=\"canonical\" href=\"http:\/\/szolnokimuvesztelep.com\/en\/balkan-fanatik-koncert-2021\/\" \/>\n<meta property=\"og:locale\" content=\"en_US\" \/>\n<meta property=\"og:type\" content=\"article\" \/>\n<meta property=\"og:title\" content=\"Balkan Fanatik koncert 2021 - SZOLNOKI M\u0170V\u00c9SZTELEP\" \/>\n<meta property=\"og:description\" content=\"Balkan Fanatik koncert 2021.07. 02-\u00e1n A Szolnoki M\u0171v\u00e9sztelepen A zenekarr\u00f3l &nbsp;A 2002-ben alakult producer du\u00f3 tagjai t\u00f6bb \u00e9vtizedes zenei m\u00falttal a h\u00e1tuk m\u00f6g\u00f6tt d\u00f6nt\u00f6ttek \u00fagy, hogy m\u00fbfaji \u00e9s st\u00edlusbeli hat\u00e1rokat \u00e1tl\u00e9pve Balkan Fanatik n\u00e9ven egyes\u00edtik zenei elk\u00e9pzel\u00e9seiket.&nbsp;A produkci\u00f3 c\u00e9lja zenei kultur\u00e1k, st\u00edlusok megismertet\u00e9se a hazai mellett a nyugati hallgat\u00f3s\u00e1ggal is,&hellip;\" \/>\n<meta property=\"og:url\" content=\"http:\/\/szolnokimuvesztelep.com\/en\/balkan-fanatik-koncert-2021\/\" \/>\n<meta property=\"og:site_name\" content=\"SZOLNOKI M\u0170V\u00c9SZTELEP\" \/>\n<meta property=\"article:publisher\" content=\"https:\/\/www.facebook.com\/szolnokimuvesztelepofficial\/\" \/>\n<meta property=\"article:modified_time\" content=\"2021-06-09T07:36:26+00:00\" \/>\n<meta property=\"og:image\" content=\"http:\/\/szolnokimuvesztelep.com\/wp-content\/uploads\/2021\/06\/BALKAN-FANATIK-FOTO2-1024x697.jpg\" \/>\n<script type=\"application\/ld+json\" class=\"yoast-schema-graph\">{\"@context\":\"https:\/\/schema.org\",\"@graph\":[{\"@type\":\"Organization\",\"@id\":\"http:\/\/szolnokimuvesztelep.com\/en\/#organization\",\"name\":\"Szolnoki M\\u0171v\\u00e9sztelep\",\"url\":\"http:\/\/szolnokimuvesztelep.com\/en\/\",\"sameAs\":[\"https:\/\/www.facebook.com\/szolnokimuvesztelepofficial\/\",\"https:\/\/www.instagram.com\/szolnoki_muvesztelep\/\",\"https:\/\/www.youtube.com\/channel\/UCAYRF4A8FrslG3J__XEjEoA\",\"https:\/\/hu.wikipedia.org\/wiki\/Szolnoki_m\\u0171v\\u00e9sztelep\"],\"logo\":{\"@type\":\"ImageObject\",\"@id\":\"http:\/\/szolnokimuvesztelep.com\/en\/#logo\",\"inLanguage\":\"en-US\",\"url\":\"https:\/\/i0.wp.com\/szolnokimuvesztelep.com\/wp-content\/uploads\/2020\/05\/szmt_2019_szlogen_psz-01.png?fit=2242%2C863\",\"width\":2242,\"height\":863,\"caption\":\"Szolnoki M\\u0171v\\u00e9sztelep\"},\"image\":{\"@id\":\"http:\/\/szolnokimuvesztelep.com\/en\/#logo\"}},{\"@type\":\"WebSite\",\"@id\":\"http:\/\/szolnokimuvesztelep.com\/en\/#website\",\"url\":\"http:\/\/szolnokimuvesztelep.com\/en\/\",\"name\":\"SZOLNOKI M\\u0170V\\u00c9SZTELEP\",\"description\":\"Meg\\u00fajul\\u00f3 hagyom\\u00e1ny\",\"publisher\":{\"@id\":\"http:\/\/szolnokimuvesztelep.com\/en\/#organization\"},\"potentialAction\":[{\"@type\":\"SearchAction\",\"target\":\"http:\/\/szolnokimuvesztelep.com\/en\/?s={search_term_string}\",\"query-input\":\"required name=search_term_string\"}],\"inLanguage\":\"en-US\"},{\"@type\":\"ImageObject\",\"@id\":\"http:\/\/szolnokimuvesztelep.com\/balkan-fanatik-koncert-2021\/#primaryimage\",\"inLanguage\":\"en-US\",\"url\":\"https:\/\/i2.wp.com\/szolnokimuvesztelep.com\/wp-content\/uploads\/2021\/06\/BALKAN-FANATIK-FOTO2.jpg?fit=1828%2C1245\",\"width\":1828,\"height\":1245},{\"@type\":\"WebPage\",\"@id\":\"http:\/\/szolnokimuvesztelep.com\/balkan-fanatik-koncert-2021\/#webpage\",\"url\":\"http:\/\/szolnokimuvesztelep.com\/balkan-fanatik-koncert-2021\/\",\"name\":\"Balkan Fanatik koncert 2021 - SZOLNOKI M\\u0170V\\u00c9SZTELEP\",\"isPartOf\":{\"@id\":\"http:\/\/szolnokimuvesztelep.com\/en\/#website\"},\"primaryImageOfPage\":{\"@id\":\"http:\/\/szolnokimuvesztelep.com\/balkan-fanatik-koncert-2021\/#primaryimage\"},\"datePublished\":\"2021-06-09T07:24:23+00:00\",\"dateModified\":\"2021-06-09T07:36:26+00:00\",\"inLanguage\":\"en-US\",\"potentialAction\":[{\"@type\":\"ReadAction\",\"target\":[\"http:\/\/szolnokimuvesztelep.com\/balkan-fanatik-koncert-2021\/\"]}]}]}<\/script>\n<!-- \/ Yoast SEO Premium plugin. -->","jetpack_sharing_enabled":true,"jetpack_shortlink":"https:\/\/wp.me\/P9tpmR-1KO","jetpack_likes_enabled":true,"jetpack-related-posts":[],"_links":{"self":[{"href":"http:\/\/szolnokimuvesztelep.com\/en\/wp-json\/wp\/v2\/pages\/6746"}],"collection":[{"href":"http:\/\/szolnokimuvesztelep.com\/en\/wp-json\/wp\/v2\/pages"}],"about":[{"href":"http:\/\/szolnokimuvesztelep.com\/en\/wp-json\/wp\/v2\/types\/page"}],"author":[{"embeddable":true,"href":"http:\/\/szolnokimuvesztelep.com\/en\/wp-json\/wp\/v2\/users\/9"}],"replies":[{"embeddable":true,"href":"http:\/\/szolnokimuvesztelep.com\/en\/wp-json\/wp\/v2\/comments?post=6746"}],"version-history":[{"count":4,"href":"http:\/\/szolnokimuvesztelep.com\/en\/wp-json\/wp\/v2\/pages\/6746\/revisions"}],"predecessor-version":[{"id":6752,"href":"http:\/\/szolnokimuvesztelep.com\/en\/wp-json\/wp\/v2\/pages\/6746\/revisions\/6752"}],"wp:attachment":[{"href":"http:\/\/szolnokimuvesztelep.com\/en\/wp-json\/wp\/v2\/media?parent=6746"}],"wp:term":[{"taxonomy":"category","embeddable":true,"href":"http:\/\/szolnokimuvesztelep.com\/en\/wp-json\/wp\/v2\/categories?post=6746"},{"taxonomy":"post_tag","embeddable":true,"href":"http:\/\/szolnokimuvesztelep.com\/en\/wp-json\/wp\/v2\/tags?post=6746"},{"taxonomy":"yst_prominent_words","embeddable":true,"href":"http:\/\/szolnokimuvesztelep.com\/en\/wp-json\/wp\/v2\/yst_prominent_words?post=6746"}],"curies":[{"name":"wp","href":"https:\/\/api.w.org\/{rel}","templated":true}]}}