{"version":"1.0","provider_name":"SZOLNOKI M\u0170V\u00c9SZTELEP","provider_url":"http:\/\/szolnokimuvesztelep.com\/en\/","author_name":"Admin","author_url":"http:\/\/szolnokimuvesztelep.com\/en\/author\/admin\/","title":"Munk\u00e1csy ki\u00e1ll\u00edt\u00e1s Szolnokon - SZOLNOKI M\u0170V\u00c9SZTELEP","type":"rich","width":600,"height":338,"html":"<blockquote class=\"wp-embedded-content\"><a href=\"http:\/\/szolnokimuvesztelep.com\/en\/2019\/01\/08\/munkacsy-kiallitas-szolnokon\/\">Munk\u00e1csy ki\u00e1ll\u00edt\u00e1s Szolnokon<\/a><\/blockquote>\n<script type='text\/javascript'>\n<!--\/\/--><![CDATA[\/\/><!--\n\t\t\/*! This file is auto-generated *\/\n\t\t!function(d,l){\"use strict\";var e=!1,n=!1;if(l.querySelector)if(d.addEventListener)e=!0;if(d.wp=d.wp||{},!d.wp.receiveEmbedMessage)if(d.wp.receiveEmbedMessage=function(e){var t=e.data;if(t)if(t.secret||t.message||t.value)if(!\/[^a-zA-Z0-9]\/.test(t.secret)){for(var r,i,a,s=l.querySelectorAll('iframe[data-secret=\"'+t.secret+'\"]'),n=l.querySelectorAll('blockquote[data-secret=\"'+t.secret+'\"]'),o=new RegExp(\"^https?:$\",\"i\"),c=0;c<n.length;c++)n[c].style.display=\"none\";for(c=0;c<s.length;c++)if(r=s[c],e.source===r.contentWindow){if(r.removeAttribute(\"style\"),\"height\"===t.message){if(1e3<(a=parseInt(t.value,10)))a=1e3;else if(~~a<200)a=200;r.height=a}if(\"link\"===t.message)if(i=l.createElement(\"a\"),a=l.createElement(\"a\"),i.href=r.getAttribute(\"src\"),a.href=t.value,o.test(a.protocol))if(a.host===i.host)if(l.activeElement===r)d.top.location.href=t.value}}},e)d.addEventListener(\"message\",d.wp.receiveEmbedMessage,!1),l.addEventListener(\"DOMContentLoaded\",t,!1),d.addEventListener(\"load\",t,!1);function t(){if(!n){n=!0;for(var e,t,r=-1!==navigator.appVersion.indexOf(\"MSIE 10\"),i=!!navigator.userAgent.match(\/Trident.*rv:11\\.\/),a=l.querySelectorAll(\"iframe.wp-embedded-content\"),s=0;s<a.length;s++){if(!(e=a[s]).getAttribute(\"data-secret\"))t=Math.random().toString(36).substr(2,10),e.src+=\"#?secret=\"+t,e.setAttribute(\"data-secret\",t);if(r||i)(t=e.cloneNode(!0)).removeAttribute(\"security\"),e.parentNode.replaceChild(t,e)}}}}(window,document);\n\/\/--><!]]>\n<\/script><iframe sandbox=\"allow-scripts\" security=\"restricted\" src=\"http:\/\/szolnokimuvesztelep.com\/en\/2019\/01\/08\/munkacsy-kiallitas-szolnokon\/embed\/\" width=\"600\" height=\"338\" title=\"&#8220;Munk\u00e1csy ki\u00e1ll\u00edt\u00e1s Szolnokon&#8221; &#8212; SZOLNOKI M\u0170V\u00c9SZTELEP\" frameborder=\"0\" marginwidth=\"0\" marginheight=\"0\" scrolling=\"no\" class=\"wp-embedded-content\"><\/iframe>","thumbnail_url":"https:\/\/i0.wp.com\/szolnokimuvesztelep.com\/wp-content\/uploads\/2019\/01\/48364143_1954545864594801_3235999601152491520_n-3.jpg?fit=676%2C675","thumbnail_width":676,"thumbnail_height":675,"description":"2019. janu\u00e1r 12. &#8211; 2019. \u00e1prilis 7. Munk\u00e1csy Mih\u00e1ly sz\u00fclet\u00e9s\u00e9nek 175. \u00e9vfordul\u00f3ja alkalm\u00e1b\u00f3l m\u00e1sod\u00edzben \u00fcdv\u00f6z\u00f6lhetj\u00fck v\u00e1rosunkban a P\u00e1kh Imre gy\u0171jtem\u00e9ny\u00e9b\u0151l \u00e9s a b\u00e9k\u00e9scsabai Munk\u00e1csy Mih\u00e1ly M\u00fazeum gy\u0171jtem\u00e9ny\u00e9b\u0151l \u00f6ssze\u00e1ll\u00edtott t\u00e1rlatot, mellyel a 175 \u00e9ve sz\u00fcletett fest\u0151\u00f3ri\u00e1s el\u0151tt tiszteleg m\u00fazeumunk. Legut\u00f3bb tizenk\u00e9t \u00e9ve mutathattunk be egy v\u00e1logat\u00e1st a P\u00e1kh-gy\u0171jtem\u00e9ny \u00e9s a Munk\u00e1csy&hellip;"}